{"id":411,"date":"2021-09-28T13:54:55","date_gmt":"2021-09-28T12:54:55","guid":{"rendered":"https:\/\/plexcon.de\/?page_id=411"},"modified":"2021-09-29T11:59:51","modified_gmt":"2021-09-29T10:59:51","slug":"datenschutzerklaerung","status":"publish","type":"page","link":"https:\/\/plexcon.de\/?page_id=411","title":{"rendered":"Datenschutzerkl\u00e4rung"},"content":{"rendered":"\n<h2 class=\"wp-block-heading\"><span class=\"has-inline-color has-colibri-color-2-color\">1. Datenschutz auf einen Blick<\/span><\/h2>\n\n\n\n<h3 class=\"wp-block-heading\"><span class=\"has-inline-color has-colibri-color-2-color\">Allgemeine Hinweise<\/span><\/h3>\n\n\n\n<p><span class=\"has-inline-color has-colibri-color-6-color\">Die folgenden Hinweise geben einen einfachen \u00dcberblick dar\u00fcber, was mit Ihren personenbezogenen Daten passiert, wenn Sie unsere Website besuchen. Personenbezogene Daten sind alle Daten, mit denen Sie pers\u00f6nlich identifiziert werden k\u00f6nnen. Ausf\u00fchrliche Informationen zum Thema Datenschutz entnehmen Sie unserer unter diesem Text aufgef\u00fchrten Datenschutzerkl\u00e4rung.<\/span><\/p>\n\n\n\n<h3 class=\"wp-block-heading\"><span class=\"has-inline-color has-colibri-color-2-color\">Datenerfassung auf unserer Website<\/span><\/h3>\n\n\n\n<p><strong><span class=\"has-inline-color has-colibri-color-2-color\">Wer ist verantwortlich f\u00fcr die Datenerfassung auf dieser Website?<\/span><\/strong><\/p>\n\n\n\n<p><span class=\"has-inline-color has-colibri-color-6-color\">Die Datenverarbeitung auf dieser Website erfolgt durch den Websitebetreiber. Dessen Kontaktdaten k\u00f6nnen Sie dem Impressum dieser Website entnehmen.<\/span><\/p>\n\n\n\n<p><strong><span class=\"has-inline-color has-colibri-color-2-color\">Wie erfassen wir Ihre Daten?<\/span><\/strong><\/p>\n\n\n\n<p><span class=\"has-inline-color has-colibri-color-6-color\">Ihre Daten werden zum einen dadurch erhoben, dass Sie uns diese mitteilen. Hierbei kann es sich z.B. um Daten handeln, die Sie in ein Kontaktformular eingeben.<\/span><\/p>\n\n\n\n<p><span class=\"has-inline-color has-colibri-color-6-color\">Andere Daten werden automatisch beim Besuch der Website durch unsere IT-Systeme erfasst. Das sind vor allem technische Daten (z.B. Internetbrowser, Betriebssystem oder Uhrzeit des Seitenaufrufs). Die Erfassung dieser Daten erfolgt automatisch, sobald Sie unsere Website betreten.<\/span><\/p>\n\n\n\n<p><strong><span class=\"has-inline-color has-colibri-color-2-color\">Wof\u00fcr nutzen wir Ihre Daten?<\/span><\/strong><\/p>\n\n\n\n<p><span class=\"has-inline-color has-colibri-color-6-color\">Ein Teil der Daten wird erhoben, um eine fehlerfreie Bereitstellung der Website zu gew\u00e4hrleisten. Andere Daten k\u00f6nnen zur Analyse Ihres Nutzerverhaltens verwendet werden<\/span>.<\/p>\n\n\n\n<p><strong><span class=\"has-inline-color has-colibri-color-2-color\">Welche Rechte haben Sie bez\u00fcglich Ihrer Daten?<\/span><\/strong><\/p>\n\n\n\n<p><span class=\"has-inline-color has-colibri-color-6-color\">Sie haben jederzeit das Recht unentgeltlich Auskunft \u00fcber Herkunft, Empf\u00e4nger und Zweck Ihrer gespeicherten personenbezogenen Daten zu erhalten. Sie haben au\u00dferdem ein Recht, die Berichtigung, Sperrung oder L\u00f6schung dieser Daten zu verlangen. Hierzu sowie zu weiteren Fragen zum Thema Datenschutz k\u00f6nnen Sie sich jederzeit unter der im Impressum angegebenen Adresse an uns wenden. Des Weiteren steht Ihnen ein Beschwerderecht bei der zust\u00e4ndigen Aufsichtsbeh\u00f6rde zu.<\/span><\/p>\n\n\n\n<p><span class=\"has-inline-color has-colibri-color-6-color\">Au\u00dferdem haben Sie das Recht, unter bestimmten Umst\u00e4nden die Einschr\u00e4nkung der Verarbeitung Ihrer personenbezogenen Daten zu verlangen. Details hierzu entnehmen Sie der Datenschutzerkl\u00e4rung unter \u201eRecht auf Einschr\u00e4nkung der Verarbeitung\u201c.<\/span><\/p>\n\n\n\n<h2 class=\"wp-block-heading\"><span class=\"has-inline-color has-colibri-color-2-color\">2. Allgemeine Hinweise und Pflichtinformationen<\/span><\/h2>\n\n\n\n<h3 class=\"wp-block-heading\"><span class=\"has-inline-color has-colibri-color-2-color\">Datenschutz<\/span><\/h3>\n\n\n\n<p><span class=\"has-inline-color has-colibri-color-6-color\">Die Betreiber dieser Seiten nehmen den Schutz Ihrer pers\u00f6nlichen Daten sehr ernst. Wir behandeln Ihre personenbezogenen Daten vertraulich und entsprechend der gesetzlichen Datenschutzvorschriften sowie dieser Datenschutzerkl\u00e4rung.<\/span><\/p>\n\n\n\n<p><span class=\"has-inline-color has-colibri-color-6-color\">Wenn Sie diese Website benutzen, werden verschiedene personenbezogene Daten erhoben. Personenbezogene Daten sind Daten, mit denen Sie pers\u00f6nlich identifiziert werden k\u00f6nnen. Die vorliegende Datenschutzerkl\u00e4rung erl\u00e4utert, welche Daten wir erheben und wof\u00fcr wir sie nutzen. Sie erl\u00e4utert auch, wie und zu welchem Zweck das geschieht.<\/span><\/p>\n\n\n\n<p><span class=\"has-inline-color has-colibri-color-6-color\">Wir weisen darauf hin, dass die Daten\u00fcbertragung im Internet (z.B. bei der Kommunikation per E-Mail) Sicherheitsl\u00fccken aufweisen kann. Ein l\u00fcckenloser Schutz der Daten vor dem Zugriff durch Dritte ist nicht m\u00f6glich.<\/span><\/p>\n\n\n\n<h3 class=\"wp-block-heading\"><span class=\"has-inline-color has-colibri-color-2-color\">Hinweis zur verantwortlichen Stelle<\/span><\/h3>\n\n\n\n<p><span class=\"has-inline-color has-colibri-color-6-color\">Die verantwortliche Stelle f\u00fcr die Datenverarbeitung auf dieser Website ist:<\/span><\/p>\n\n\n\n<p><span class=\"has-inline-color has-colibri-color-6-color\">Thorben Borger<br>Lavesumer Stra\u00dfe 3b<br>45721 Haltern am See<\/span><\/p>\n\n\n\n<p><span class=\"has-inline-color has-colibri-color-6-color\">Telefon: 02364 9658720<br>E-Mail:\u00a0kontakt@plexcon.de<\/span><\/p>\n\n\n\n<p><span class=\"has-inline-color has-colibri-color-6-color\">Verantwortliche Stelle ist die nat\u00fcrliche oder juristische Person, die allein oder gemeinsam mit anderen \u00fcber die Zwecke und Mittel der Verarbeitung von personenbezogenen Daten (z.B. Namen, E-Mail-Adressen o. \u00c4.) entscheidet.<\/span><\/p>\n\n\n\n<h3 class=\"wp-block-heading\"><span class=\"has-inline-color has-colibri-color-2-color\">Widerruf Ihrer Einwilligung zur Datenverarbeitung<\/span><\/h3>\n\n\n\n<p><span class=\"has-inline-color has-colibri-color-6-color\">Viele Datenverarbeitungsvorg\u00e4nge sind nur mit Ihrer ausdr\u00fccklichen Einwilligung m\u00f6glich. Sie k\u00f6nnen eine bereits erteilte Einwilligung jederzeit widerrufen. Dazu reicht eine formlose Mitteilung per E-Mail an uns. Die Rechtm\u00e4\u00dfigkeit der bis zum Widerruf erfolgten Datenverarbeitung bleibt vom Widerruf unber\u00fchrt.<\/span><\/p>\n\n\n\n<h3 class=\"wp-block-heading\"><span class=\"has-inline-color has-colibri-color-2-color\">Widerspruchsrecht gegen die Datenerhebung in besonderen F\u00e4llen sowie gegen Direktwerbung (Art. 21 DSGVO)<\/span><\/h3>\n\n\n\n<p><strong><span class=\"has-inline-color has-colibri-color-6-color\">Wenn die Datenverarbeitung auf Grundlage von Art. 6 Abs. 1 lit. e oder f DSGVO erfolgt, haben Sie jederzeit das Recht, aus Gr\u00fcnden, die sich aus Ihrer besonderen Situation ergeben, gegen die Verarbeitung Ihrer personenbezogenen Daten Widerspruch einzulegen; dies gilt auch f\u00fcr ein auf diese Bestimmungen gest\u00fctztes Profiling. Die jeweilige Rechtsgrundlage, auf denen eine Verarbeitung beruht, entnehmen Sie dieser Datenschutzerkl\u00e4rung. Wenn Sie Widerspruch einlegen, werden wir Ihre betroffenen personenbezogenen Daten nicht mehr verarbeiten, es sei denn, wir k\u00f6nnen zwingende schutzw\u00fcrdige Gr\u00fcnde f\u00fcr die Verarbeitung nachweisen, die Ihre Interessen, Rechte und Freiheiten \u00fcberwiegen oder die Verarbeitung dient der Geltendmachung, Aus\u00fcbung oder Verteidigung von Rechtsanspr\u00fcchen (Widerspruch nach Art. 21 Abs. 1 DSGVO).<\/span><\/strong><\/p>\n\n\n\n<p><strong><span class=\"has-inline-color has-colibri-color-6-color\">Werden Ihre personenbezogenen Daten verarbeitet, um Direktwerbung zu betreiben, so haben Sie das Recht, jederzeit Widerspruch gegen die Verarbeitung Sie betreffender personenbezogener Daten zum Zwecke derartiger Werbung einzulegen; dies gilt auch f\u00fcr das Profiling, soweit es mit solcher Direktwerbung in Verbindung steht. Wenn Sie widersprechen, werden Ihre personenbezogenen Daten anschlie\u00dfend nicht mehr zum Zwecke der Direktwerbung verwendet (Widerspruch nach Art. 21 Abs. 2 DSGVO).<\/span><\/strong><\/p>\n\n\n\n<h3 class=\"wp-block-heading\"><span class=\"has-inline-color has-colibri-color-2-color\">Beschwerderecht bei der zust\u00e4ndigen Aufsichtsbeh\u00f6rde<\/span><\/h3>\n\n\n\n<p><span class=\"has-inline-color has-colibri-color-6-color\">Im Falle von Verst\u00f6\u00dfen gegen die DSGVO steht den Betroffenen ein Beschwerderecht bei einer Aufsichtsbeh\u00f6rde, insbesondere in dem Mitgliedstaat ihres gew\u00f6hnlichen Aufenthalts, ihres Arbeitsplatzes oder des Orts des mutma\u00dflichen Versto\u00dfes zu. Das Beschwerderecht besteht unbeschadet anderweitiger verwaltungsrechtlicher oder gerichtlicher Rechtsbehelfe.<\/span><\/p>\n\n\n\n<h3 class=\"wp-block-heading\"><span class=\"has-inline-color has-colibri-color-2-color\">Recht auf Daten\u00fcbertragbarkeit<\/span><\/h3>\n\n\n\n<p><span class=\"has-inline-color has-colibri-color-6-color\">Sie haben das Recht, Daten, die wir auf Grundlage Ihrer Einwilligung oder in Erf\u00fcllung eines Vertrags automatisiert verarbeiten, an sich oder an einen Dritten in einem g\u00e4ngigen, maschinenlesbaren Format aush\u00e4ndigen zu lassen. Sofern Sie die direkte \u00dcbertragung der Daten an einen anderen Verantwortlichen verlangen, erfolgt dies nur, soweit es technisch machbar ist.<\/span><\/p>\n\n\n\n<h3 class=\"wp-block-heading\"><span class=\"has-inline-color has-colibri-color-2-color\">SSL- bzw. TLS-Verschl\u00fcsselung<\/span><\/h3>\n\n\n\n<p><span class=\"has-inline-color has-colibri-color-6-color\">Diese Seite nutzt aus Sicherheitsgr\u00fcnden und zum Schutz der \u00dcbertragung vertraulicher Inhalte, wie zum Beispiel Bestellungen oder Anfragen, die Sie an uns als Seitenbetreiber senden, eine SSL-bzw. TLS-Verschl\u00fcsselung. Eine verschl\u00fcsselte Verbindung erkennen Sie daran, dass die Adresszeile des Browsers von \u201chttp:\/\/\u201d auf \u201chttps:\/\/\u201d wechselt und an dem Schloss-Symbol in Ihrer Browserzeile.<\/span><\/p>\n\n\n\n<p><span class=\"has-inline-color has-colibri-color-6-color\">Wenn die SSL- bzw. TLS-Verschl\u00fcsselung aktiviert ist, k\u00f6nnen die Daten, die Sie an uns \u00fcbermitteln, nicht von Dritten mitgelesen werden.<\/span><\/p>\n\n\n\n<h3 class=\"wp-block-heading\"><span class=\"has-inline-color has-colibri-color-2-color\">Auskunft, Sperrung, L\u00f6schung und Berichtigung<\/span><\/h3>\n\n\n\n<p><span class=\"has-inline-color has-colibri-color-6-color\">Sie haben im Rahmen der geltenden gesetzlichen Bestimmungen jederzeit das Recht auf unentgeltliche Auskunft \u00fcber Ihre gespeicherten personenbezogenen Daten, deren Herkunft und Empf\u00e4nger und den Zweck der Datenverarbeitung und ggf. ein Recht auf Berichtigung, Sperrung oder L\u00f6schung dieser Daten. Hierzu sowie zu weiteren Fragen zum Thema personenbezogene Daten k\u00f6nnen Sie sich jederzeit unter der im Impressum angegebenen Adresse an uns wenden.<\/span><\/p>\n\n\n\n<h3 class=\"wp-block-heading\"><span class=\"has-inline-color has-colibri-color-2-color\">Recht auf Einschr\u00e4nkung der Verarbeitung<\/span><\/h3>\n\n\n\n<p><span class=\"has-inline-color has-colibri-color-6-color\">Sie haben das Recht, die Einschr\u00e4nkung der Verarbeitung Ihrer personenbezogenen Daten zu verlangen. Hierzu k\u00f6nnen Sie sich jederzeit unter der im Impressum angegebenen Adresse an uns wenden. Das Recht auf Einschr\u00e4nkung der Verarbeitung besteht in folgenden F\u00e4llen:<\/span><\/p>\n\n\n\n<ul class=\"wp-block-list\"><li><span class=\"has-inline-color has-colibri-color-6-color\">Wenn Sie die Richtigkeit Ihrer bei uns gespeicherten personenbezogenen Daten bestreiten, ben\u00f6tigen wir in der Regel Zeit, um dies zu \u00fcberpr\u00fcfen. F\u00fcr die Dauer der Pr\u00fcfung haben Sie das Recht, die Einschr\u00e4nkung der Verarbeitung Ihrer personenbezogenen Daten zu verlangen.<\/span><\/li><li><span class=\"has-inline-color has-colibri-color-6-color\">Wenn die Verarbeitung Ihrer personenbezogenen Daten unrechtm\u00e4\u00dfig geschah \/ geschieht, k\u00f6nnen Sie statt der L\u00f6schung die Einschr\u00e4nkung der Datenverarbeitung verlangen.<\/span><\/li><li><span class=\"has-inline-color has-colibri-color-6-color\">Wenn wir Ihre personenbezogenen Daten nicht mehr ben\u00f6tigen, Sie sie jedoch zur Aus\u00fcbung, Verteidigung oder Geltendmachung von Rechtsanspr\u00fcchen ben\u00f6tigen, haben Sie das Recht, statt der L\u00f6schung die Einschr\u00e4nkung der Verarbeitung Ihrer personenbezogenen Daten zu verlangen.<\/span><\/li><li><span class=\"has-inline-color has-colibri-color-6-color\">Wenn Sie einen Widerspruch nach Art. 21 Abs. 1 DSGVO eingelegt haben, muss eine Abw\u00e4gung zwischen Ihren und unseren Interessen vorgenommen werden. Solange noch nicht feststeht, wessen Interessen \u00fcberwiegen, haben Sie das Recht, die Einschr\u00e4nkung der Verarbeitung Ihrer personenbezogenen Daten zu verlangen.<\/span><\/li><\/ul>\n\n\n\n<p><span class=\"has-inline-color has-colibri-color-6-color\">Wenn Sie die Verarbeitung Ihrer personenbezogenen Daten eingeschr\u00e4nkt haben, d\u00fcrfen diese Daten \u2013 von ihrer Speicherung abgesehen \u2013 nur mit Ihrer Einwilligung oder zur Geltendmachung, Aus\u00fcbung oder Verteidigung von Rechtsanspr\u00fcchen oder zum Schutz der Rechte einer anderen nat\u00fcrlichen oder juristischen Person oder aus Gr\u00fcnden eines wichtigen \u00f6ffentlichen Interesses der Europ\u00e4ischen Union oder eines Mitgliedstaats verarbeitet werden.<\/span><\/p>\n\n\n\n<h2 class=\"wp-block-heading\"><span class=\"has-inline-color has-colibri-color-2-color\">3. Datenerfassung auf unserer<\/span> <span class=\"has-inline-color has-colibri-color-2-color\">Website<\/span><\/h2>\n\n\n\n<h3 class=\"wp-block-heading\"><span class=\"has-inline-color has-colibri-color-2-color\">Cookies<\/span><\/h3>\n\n\n\n<p><span class=\"has-inline-color has-colibri-color-6-color\">Die Internetseiten verwenden teilweise so genannte Cookies. Cookies richten auf Ihrem Rechner keinen Schaden an und enthalten keine Viren. Cookies dienen dazu, unser Angebot nutzerfreundlicher, effektiver und sicherer zu machen. Cookies sind kleine Textdateien, die auf Ihrem Rechner abgelegt werden und die Ihr Browser speichert.<\/span><\/p>\n\n\n\n<p><span class=\"has-inline-color has-colibri-color-6-color\">Die meisten der von uns verwendeten Cookies sind so genannte \u201cSession-Cookies\u201d. Sie werden nach Ende Ihres Besuchs automatisch gel\u00f6scht. Andere Cookies bleiben auf Ihrem Endger\u00e4t gespeichert bis Sie diese l\u00f6schen. Diese Cookies erm\u00f6glichen es uns, Ihren Browser beim n\u00e4chsten Besuch wiederzuerkennen.<\/span><\/p>\n\n\n\n<p><span class=\"has-inline-color has-colibri-color-6-color\">Sie k\u00f6nnen Ihren Browser so einstellen, dass Sie \u00fcber das Setzen von Cookies informiert werden und Cookies nur im Einzelfall erlauben, die Annahme von Cookies f\u00fcr bestimmte F\u00e4lle oder generell ausschlie\u00dfen sowie das automatische L\u00f6schen der Cookies beim Schlie\u00dfen des Browser aktivieren. Bei der Deaktivierung von Cookies kann die Funktionalit\u00e4t dieser Website eingeschr\u00e4nkt sein.<\/span><\/p>\n\n\n\n<p><span class=\"has-inline-color has-colibri-color-6-color\">Cookies, die zur Durchf\u00fchrung des elektronischen Kommunikationsvorgangs oder zur Bereitstellung bestimmter, von Ihnen erw\u00fcnschter Funktionen (z.B. Warenkorbfunktion) erforderlich sind, werden auf Grundlage von Art. 6 Abs. 1 lit. f DSGVO gespeichert. Der Websitebetreiber hat ein berechtigtes Interesse an der Speicherung von Cookies zur technisch fehlerfreien und optimierten Bereitstellung seiner Dienste. Soweit andere Cookies (z.B. Cookies zur Analyse Ihres Surfverhaltens) gespeichert werden, werden diese in dieser Datenschutzerkl\u00e4rung gesondert behandelt.<\/span><\/p>\n\n\n\n<h3 class=\"wp-block-heading\"><span class=\"has-inline-color has-colibri-color-2-color\">Server-Log-Dateien<\/span><\/h3>\n\n\n\n<p><span class=\"has-inline-color has-colibri-color-6-color\">Der Provider der Seiten erhebt und speichert automatisch Informationen in so genannten Server-Log-Dateien, die Ihr Browser automatisch an uns \u00fcbermittelt. Dies sind:<\/span><\/p>\n\n\n\n<ul class=\"wp-block-list\"><li><span class=\"has-inline-color has-colibri-color-6-color\">Browsertyp und Browserversion<\/span><\/li><li><span class=\"has-inline-color has-colibri-color-6-color\">verwendetes Betriebssystem<\/span><\/li><li><span class=\"has-inline-color has-colibri-color-6-color\">Referrer URL<\/span><\/li><li><span class=\"has-inline-color has-colibri-color-6-color\">Hostname des zugreifenden Rechners<\/span><\/li><li><span class=\"has-inline-color has-colibri-color-6-color\">Uhrzeit der Serveranfrage<\/span><\/li><li><span class=\"has-inline-color has-colibri-color-6-color\">IP-Adresse<\/span><\/li><\/ul>\n\n\n\n<p><span class=\"has-inline-color has-colibri-color-6-color\">Eine Zusammenf\u00fchrung dieser Daten mit anderen Datenquellen wird nicht vorgenommen.<\/span><\/p>\n\n\n\n<p><span class=\"has-inline-color has-colibri-color-6-color\">Die Erfassung dieser Daten erfolgt auf Grundlage von Art. 6 Abs. 1 lit. f DSGVO. Der Websitebetreiber hat ein berechtigtes Interesse an der technisch fehlerfreien Darstellung und der Optimierung seiner Website \u2013 hierzu m\u00fcssen die Server-Log-Files erfasst werden.<\/span><\/p>\n\n\n\n<h3 class=\"wp-block-heading\"><span class=\"has-inline-color has-colibri-color-2-color\">Kontaktformular<\/span><\/h3>\n\n\n\n<p><span class=\"has-inline-color has-colibri-color-6-color\">Wenn Sie uns per Kontaktformular Anfragen zukommen lassen, werden Ihre Angaben aus dem Anfrageformular inklusive der von Ihnen dort angegebenen Kontaktdaten zwecks Bearbeitung der Anfrage und f\u00fcr den Fall von Anschluss Fragen bei uns gespeichert. Diese Daten geben wir nicht ohne Ihre Einwilligung weiter.<\/span><\/p>\n\n\n\n<p><span class=\"has-inline-color has-colibri-color-6-color\">Die Verarbeitung der in das Kontaktformular eingegebenen Daten erfolgt somit ausschlie\u00dflich auf Grundlage Ihrer Einwilligung (Art. 6 Abs. 1 lit. a DSGVO). Sie k\u00f6nnen diese Einwilligung jederzeit widerrufen. Dazu reicht eine formlose Mitteilung per E-Mail an uns. Die Rechtm\u00e4\u00dfigkeit der bis zum Widerruf erfolgten Datenverarbeitungsvorg\u00e4nge bleibt vom Widerruf unber\u00fchrt.<\/span><\/p>\n\n\n\n<p><span class=\"has-inline-color has-colibri-color-6-color\">Die von Ihnen im Kontaktformular eingegebenen Daten verbleiben bei uns, bis Sie uns zur L\u00f6schung auffordern, Ihre Einwilligung zur Speicherung widerrufen oder der Zweck f\u00fcr die Datenspeicherung entf\u00e4llt (z.B. nach abgeschlossener Bearbeitung Ihrer Anfrage). Zwingende gesetzliche Bestimmungen \u2013 insbesondere Aufbewahrungsfristen \u2013 bleiben unber\u00fchrt.<\/span><\/p>\n\n\n\n<h2 class=\"wp-block-heading\"><span class=\"has-inline-color has-colibri-color-2-color\">4. Plugins und Tools<\/span><\/h2>\n\n\n\n<h3 class=\"wp-block-heading\"><span class=\"has-inline-color has-colibri-color-2-color\">Google Maps<\/span><\/h3>\n\n\n\n<p><span class=\"has-inline-color has-colibri-color-6-color\">Diese Seite nutzt \u00fcber eine API den Kartendienst Google Maps. Anbieter ist die Google Inc., 1600 Amphitheatre <\/span>Parkway, Mountain View, CA 94043, USA.<\/p>\n\n\n\n<p><span class=\"has-inline-color has-colibri-color-6-color\">Zur Nutzung der Funktionen von Google Maps ist es notwendig, Ihre IP Adresse zu speichern. Diese Informationen werden in der Regel an einen Server von Google in den USA \u00fcbertragen und dort gespeichert. Der Anbieter dieser Seite hat keinen Einfluss auf diese Daten\u00fcbertragung.<\/span><\/p>\n\n\n\n<p><span class=\"has-inline-color has-colibri-color-6-color\">Die Nutzung von Google Maps erfolgt im Interesse einer ansprechenden Darstellung unserer Online-Angebote und an einer leichten Auffindbarkeit der von uns auf der Website angegebenen Orte. Dies stellt ein berechtigtes Interesse im Sinne von Art. 6 Abs. 1 lit. f DSGVO dar.<\/span><\/p>\n\n\n\n<p><span class=\"has-inline-color has-colibri-color-6-color\">Mehr Informationen zum Umgang mit Nutzerdaten finden Sie in der Datenschutzerkl\u00e4rung von Google:\u00a0<\/span><a rel=\"noreferrer noopener\" href=\"https:\/\/www.google.de\/intl\/de\/policies\/privacy\/\" target=\"_blank\"><span class=\"has-inline-color has-colibri-color-2-color\">https:\/\/www.google.de\/intl\/de\/policies\/privacy\/<\/span><\/a>.<\/p>\n\n\n\n<h3 class=\"wp-block-heading\"><span class=\"has-inline-color has-colibri-color-2-color\">Google reCAPTCHA<\/span><\/h3>\n\n\n\n<p><span class=\"has-inline-color has-colibri-color-6-color\">Wir nutzen \u201cGoogle reCAPTCHA\u201d (im Folgenden \u201creCAPTCHA\u201d) auf unseren Websites. Anbieter ist die Google Inc., 1600 Amphitheatre Parkway, Mountain View, CA 94043, USA (\u201cGoogle\u201d).<\/span><\/p>\n\n\n\n<p><span class=\"has-inline-color has-colibri-color-6-color\">Mit reCAPTCHA soll \u00fcberpr\u00fcft werden, ob die Dateneingabe auf unseren Websites (z.B. in einem Kontaktformular) durch einen Menschen oder durch ein automatisiertes Programm erfolgt. Hierzu analysiert reCAPTCHA das Verhalten des Websitebesuchers anhand verschiedener Merkmale. Diese Analyse beginnt automatisch, sobald der Websitebesucher die Website betritt. Zur Analyse wertet reCAPTCHA verschiedene Informationen aus (z.B. IP-Adresse, Verweildauer des Websitebesuchers auf der Website oder vom Nutzer get\u00e4tigte Mausbewegungen). Die bei der Analyse erfassten Daten werden an Google weitergeleitet.<\/span><\/p>\n\n\n\n<p><span class=\"has-inline-color has-colibri-color-6-color\">Die reCAPTCHA-Analysen laufen vollst\u00e4ndig im Hintergrund. Websitebesucher werden nicht darauf hingewiesen, dass eine Analyse stattfindet.<\/span><\/p>\n\n\n\n<p><span class=\"has-inline-color has-colibri-color-6-color\">Die Datenverarbeitung erfolgt auf Grundlage von Art. 6 Abs. 1 lit. f DSGVO. Der Websitebetreiber hat ein berechtigtes Interesse daran, seine Webangebote vor missbr\u00e4uchlicher automatisierter Aussp\u00e4hung und vor SPAM zu sch\u00fctzen.<\/span><\/p>\n\n\n\n<p><span class=\"has-inline-color has-colibri-color-6-color\">Weitere Informationen zu Google reCAPTCHA sowie die Datenschutzerkl\u00e4rung von Google entnehmen Sie folgenden Links:<\/span>\u00a0<a rel=\"noreferrer noopener\" href=\"https:\/\/www.google.com\/intl\/de\/policies\/privacy\/\" target=\"_blank\"><span class=\"has-inline-color has-colibri-color-2-color\">https:\/\/www.google.com\/intl\/de\/policies\/privacy\/<\/span><\/a>\u00a0<span class=\"has-inline-color has-colibri-color-6-color\">und\u00a0<\/span><a rel=\"noreferrer noopener\" href=\"https:\/\/www.google.com\/recaptcha\/intro\/android.html\" target=\"_blank\"><span class=\"has-inline-color has-colibri-color-2-color\">https:\/\/www.google.com\/recaptcha\/intro\/android.html<\/span><\/a>.<\/p>\n","protected":false},"excerpt":{"rendered":"<p>1. Datenschutz auf einen Blick Allgemeine Hinweise Die folgenden Hinweise geben einen einfachen \u00dcberblick dar\u00fcber, was mit Ihren personenbezogenen Daten passiert, wenn Sie unsere Website besuchen. Personenbezogene Daten sind alle Daten, mit denen Sie pers\u00f6nlich identifiziert werden k\u00f6nnen. Ausf\u00fchrliche Informationen zum Thema Datenschutz entnehmen Sie unserer unter diesem Text aufgef\u00fchrten Datenschutzerkl\u00e4rung. Datenerfassung auf unserer Website [&hellip;]<\/p>\n","protected":false},"author":1,"featured_media":0,"parent":0,"menu_order":0,"comment_status":"closed","ping_status":"closed","template":"","meta":{"footnotes":""},"class_list":["post-411","page","type-page","status-publish","hentry"],"_links":{"self":[{"href":"https:\/\/plexcon.de\/index.php?rest_route=\/wp\/v2\/pages\/411","targetHints":{"allow":["GET"]}}],"collection":[{"href":"https:\/\/plexcon.de\/index.php?rest_route=\/wp\/v2\/pages"}],"about":[{"href":"https:\/\/plexcon.de\/index.php?rest_route=\/wp\/v2\/types\/page"}],"author":[{"embeddable":true,"href":"https:\/\/plexcon.de\/index.php?rest_route=\/wp\/v2\/users\/1"}],"replies":[{"embeddable":true,"href":"https:\/\/plexcon.de\/index.php?rest_route=%2Fwp%2Fv2%2Fcomments&post=411"}],"version-history":[{"count":0,"href":"https:\/\/plexcon.de\/index.php?rest_route=\/wp\/v2\/pages\/411\/revisions"}],"wp:attachment":[{"href":"https:\/\/plexcon.de\/index.php?rest_route=%2Fwp%2Fv2%2Fmedia&parent=411"}],"curies":[{"name":"wp","href":"https:\/\/api.w.org\/{rel}","templated":true}]}}